{"id":12322,"date":"2025-07-24T10:26:57","date_gmt":"2025-07-24T08:26:57","guid":{"rendered":"https:\/\/vidaumh.umh.es\/?page_id=12322"},"modified":"2026-03-26T16:17:49","modified_gmt":"2026-03-26T15:17:49","slug":"escapadas-gastroambientales","status":"publish","type":"page","link":"https:\/\/vidaumh.umh.es\/ca\/escapadas-gastroambientales\/","title":{"rendered":"<span lang=\"es\">(Espa\u00f1ol) Escapadas Gastroambientales<\/span>"},"content":{"rendered":"<p>[et_pb_section fb_built=&#8221;1&#8243; fullwidth=&#8221;on&#8221; _builder_version=&#8221;4.16&#8243; collapsed=&#8221;on&#8221; global_colors_info=&#8221;{}&#8221;][et_pb_fullwidth_image src=&#8221;https:\/\/vidaumh.umh.es\/files\/2023\/05\/banner-escapadas-1.jpg&#8221; title_text=&#8221;banner escapadas (1)&#8221; _builder_version=&#8221;4.17.4&#8243; vertical_offset_tablet=&#8221;0&#8243; horizontal_offset_tablet=&#8221;0&#8243; custom_padding=&#8221;||||false|false&#8221; z_index_tablet=&#8221;0&#8243; box_shadow_horizontal_tablet=&#8221;0px&#8221; box_shadow_vertical_tablet=&#8221;0px&#8221; box_shadow_blur_tablet=&#8221;40px&#8221; box_shadow_spread_tablet=&#8221;0px&#8221; global_colors_info=&#8221;{}&#8221;]<br \/>\n[\/et_pb_fullwidth_image][\/et_pb_section][et_pb_section fb_built=&#8221;1&#8243; _builder_version=&#8221;4.17.4&#8243; _module_preset=&#8221;default&#8221; collapsed=&#8221;on&#8221; global_colors_info=&#8221;{}&#8221;][et_pb_row _builder_version=&#8221;4.17.4&#8243; _module_preset=&#8221;default&#8221; collapsed=&#8221;off&#8221; global_colors_info=&#8221;{}&#8221;][et_pb_column type=&#8221;4_4&#8243; _builder_version=&#8221;4.17.4&#8243; _module_preset=&#8221;default&#8221; global_colors_info=&#8221;{}&#8221;][et_pb_text _builder_version=&#8221;4.17.4&#8243; _module_preset=&#8221;default&#8221; header_font=&#8221;Poppins|600|||||||&#8221; header_text_color=&#8221;#000000&#8243; header_font_size=&#8221;60px&#8221; header_line_height=&#8221;1.2em&#8221; header_font_size_tablet=&#8221;40px&#8221; header_font_size_phone=&#8221;24px&#8221; header_font_size_last_edited=&#8221;on|desktop&#8221; text_orientation_tablet=&#8221;center&#8221; text_orientation_phone=&#8221;center&#8221; text_orientation_last_edited=&#8221;on|tablet&#8221; global_colors_info=&#8221;{}&#8221;]<\/p>\n<h1>Actividades<\/h1>\n<p>[\/et_pb_text][\/et_pb_column][\/et_pb_row][\/et_pb_section][et_pb_section fb_built=&#8221;1&#8243; disabled_on=&#8221;off|off|off&#8221; admin_label=&#8221;Actividades&#8221; module_id=&#8221;act&#8221; _builder_version=&#8221;4.17.4&#8243; _module_preset=&#8221;default&#8221; locked=&#8221;off&#8221; collapsed=&#8221;off&#8221; global_colors_info=&#8221;{}&#8221;][et_pb_row column_structure=&#8221;1_3,1_3,1_3&#8243; disabled_on=&#8221;off|off|off&#8221; admin_label=&#8221;3 actividades&#8221; _builder_version=&#8221;4.17.4&#8243; _module_preset=&#8221;default&#8221; custom_margin=&#8221;||20px||false|false&#8221; collapsed=&#8221;off&#8221; global_colors_info=&#8221;{}&#8221;][et_pb_column type=&#8221;1_3&#8243; _builder_version=&#8221;4.17.4&#8243; _module_preset=&#8221;default&#8221; background_color=&#8221;#edebec&#8221; custom_padding=&#8221;||20px||false|false&#8221; global_colors_info=&#8221;{}&#8221;][et_pb_image src=&#8221;https:\/\/vidaumh.umh.es\/files\/2026\/01\/caldera-del-gigante.jpg&#8221; title_text=&#8221;caldera del gigante&#8221; _builder_version=&#8221;4.17.4&#8243; _module_preset=&#8221;default&#8221; global_colors_info=&#8221;{}&#8221;][\/et_pb_image][et_pb_text admin_label=&#8221;T\u00edtulo&#8221; _builder_version=&#8221;4.17.4&#8243; _module_preset=&#8221;default&#8221; header_6_font=&#8221;Poppins|900||on|||||&#8221; header_6_text_align=&#8221;center&#8221; header_6_font_size=&#8221;16px&#8221; header_6_line_height=&#8221;1.5em&#8221; global_colors_info=&#8221;{}&#8221;]<\/p>\n<h6><b>LA CALDERA DEL GIGANTE (almorad\u00ed)<\/b><\/h6>\n<p>[\/et_pb_text][et_pb_text _builder_version=&#8221;4.17.4&#8243; _module_preset=&#8221;default&#8221; text_font=&#8221;Poppins||||||||&#8221; custom_padding=&#8221;|20px||20px|false|false&#8221; global_colors_info=&#8221;{}&#8221;]<\/p>\n<p><span style=\"color: #333333\"><span style=\"font-weight: 400\">\u00a1Continuamos nuestras aventuras con una joya geol\u00f3gica! Imagina adentrarte en un paisaje esculpido por el agua durante siglos, donde las rocas forman pozas naturales y formas caprichosas que parecen de otro planeta. La <\/span><b>Caldera del Gigante<\/b><span style=\"font-weight: 400\"> es una ruta c\u00f3moda y visualmente impresionante, ideal para disfrutar de la naturaleza sin grandes esfuerzos. Para completar la jornada, cerraremos la ma\u00f1ana compartiendo una excelente <\/span><b>comida t\u00edpica de la zona.\u00a0<\/b><\/span><\/p>\n<p style=\"text-align: left\"><span style=\"color: #000000\">\ud83d\udcc5\u200b 22 febrero de 2026<\/span><\/p>\n<p style=\"text-align: left\"><span style=\"color: #000000\">\ud83d\udd5b\u200b 08:30-18:00h<\/span><\/p>\n<p style=\"text-align: left\"><span style=\"color: #000000\">\ud83d\udccd Ptos. de recogida (pdte.confirmar hora):<\/span><\/p>\n<ul style=\"text-align: left\">\n<li><span style=\"font-weight: 400;color: #000000\">Puerta principal edif. Rectorado y Consejo Social (campus de Elche)\u00a0<\/span><\/li>\n<li><span style=\"font-weight: 400;color: #000000\">Parking CC Ociop\u00eda (Orihuela)<\/span><\/li>\n<\/ul>\n<p style=\"text-align: left\"><span style=\"color: #000000\">\ud83d\udcb0 15\u20ac estudiantado, PTGAS y PDI, acompa\u00f1ante 30\u20ac<\/span><\/p>\n<p style=\"text-align: left\"><span style=\"color: #000000\">\u26a0\ufe0f\u200b Las plazas se asignan por orden de pago<\/span><\/p>\n<p style=\"text-align: left\"><span style=\"color: #000000\"><span style=\"font-weight: 400\">\ud83d\udccfAntes de inscribirte, consulta la ruta en <a href=\"https:\/\/es.wikiloc.com\/rutas-senderismo\/preciosa-y-facil-ruta-de-la-caldera-del-gigante-en-el-paraje-natural-del-hoyo-serrano-algorfa-alica-156720531\">wikiloc <\/a>para saber c\u00f3mo ser\u00e1 y el nivel aproximado de dificultad.\u00a0 Resumen: <b>\ud83d\udccf 6 km | Dificultad: F\u00e1cil <\/b><\/span><\/span><\/p>\n<p style=\"text-align: left\"><strong> <span style=\"color: #ff0000\">\ud83d\udeab\u200b IMPORTANTE: antes de inscribirte consulta las normas de inscripci\u00f3n y cancelaci\u00f3n.\u00a0<\/span><\/strong><\/p>\n<p>[\/et_pb_text][et_pb_button button_url=&#8221;https:\/\/forms.gle\/a4JLa21qMzULo2ym7&#8243; button_text=&#8221;COMPLETO. AP\u00daNTATE EN LA LISTA DE ESPERA&#8221; disabled_on=&#8221;on|on|on&#8221; _builder_version=&#8221;4.17.4&#8243; _module_preset=&#8221;default&#8221; custom_button=&#8221;on&#8221; button_text_size=&#8221;17px&#8221; button_text_color=&#8221;#000000&#8243; button_bg_color=&#8221;#adc6d9&#8243; button_border_color=&#8221;#adc6d9&#8243; button_border_radius=&#8221;0px&#8221; button_letter_spacing=&#8221;1.3px&#8221; button_font=&#8221;Poppins|700||on|||||&#8221; button_icon=&#8221;&#x35;||divi||400&#8243; custom_margin=&#8221;|||26px|false|false&#8221; disabled=&#8221;on&#8221; global_colors_info=&#8221;{}&#8221;][\/et_pb_button][\/et_pb_column][et_pb_column type=&#8221;1_3&#8243; _builder_version=&#8221;4.17.4&#8243; _module_preset=&#8221;default&#8221; background_color=&#8221;#edebec&#8221; custom_padding=&#8221;||20px||false|false&#8221; global_colors_info=&#8221;{}&#8221;][et_pb_image src=&#8221;https:\/\/vidaumh.umh.es\/files\/2026\/01\/ruta-hondo.jpg&#8221; title_text=&#8221;ruta hondo&#8221; _builder_version=&#8221;4.17.4&#8243; _module_preset=&#8221;default&#8221; width=&#8221;100%&#8221; global_colors_info=&#8221;{}&#8221;][\/et_pb_image][et_pb_text admin_label=&#8221;T\u00edtulo&#8221; _builder_version=&#8221;4.17.4&#8243; _module_preset=&#8221;default&#8221; header_6_font=&#8221;Poppins|900||on|||||&#8221; header_6_text_align=&#8221;center&#8221; header_6_font_size=&#8221;16px&#8221; header_6_line_height=&#8221;1.5em&#8221; global_colors_info=&#8221;{}&#8221;]<\/p>\n<h6><b>Parque natural de El Hondo (ELCHE)<\/b><\/h6>\n<p>[\/et_pb_text][et_pb_text _builder_version=&#8221;4.17.4&#8243; _module_preset=&#8221;default&#8221; text_font=&#8221;Poppins||||||||&#8221; custom_padding=&#8221;|20px||20px|false|false&#8221; global_colors_info=&#8221;{}&#8221;]<\/p>\n<p style=\"text-align: left\"><span style=\"color: #333333\">\u200b<span style=\"font-weight: 400\">\u00bfBuscas una ma\u00f1ana de desconexi\u00f3n total? Nos vamos a dar un paseo por las pasarelas de <\/span><b>El Hondo<\/b><span style=\"font-weight: 400\">, uno de los humedales m\u00e1s importantes de Europa. Caminaremos entre carrizales y lagunas, observando la rica fauna que habita este paraje \u00fanico mientras el sol de marzo nos acompa\u00f1a. Es una ruta ligera y refrescante, dise\u00f1ada para que disfrutemos de la biodiversidad y estar de vuelta en casa para comer.<\/span><\/span><\/p>\n<p style=\"text-align: left\"><span style=\"color: #000000\">\ud83d\udcc5\u200b 29 de marzo de 2026<\/span><\/p>\n<p style=\"text-align: left\"><span style=\"color: #000000\">\ud83d\udd5b\u200b 8:30-13h<\/span><\/p>\n<p style=\"text-align: left\"><span style=\"color: #000000\">\ud83d\udccd Ptos. de recogida (pdte.confirmar hora):<\/span><\/p>\n<ul style=\"text-align: left\">\n<li><span style=\"font-weight: 400;color: #000000\">Puerta principal edif. Rectorado y Consejo Social (campus de Elche)\u00a0<\/span><\/li>\n<\/ul>\n<p style=\"text-align: left\"><span style=\"color: #000000\">\ud83d\udcb0 5\u20ac estudiantado, PTGAS y PDI, acompa\u00f1ante 10\u20ac<\/span><\/p>\n<p style=\"text-align: left\"><span style=\"color: #000000\">\u26a0\ufe0f\u200b Las plazas se asignan por orden de pago<\/span><\/p>\n<p style=\"text-align: left\"><span style=\"color: #000000\">\ud83d\udeab\u200b Consulta las\u00a0<a href=\"https:\/\/vidaumh.umh.es\/normativa-inscripcion\/\" style=\"color: #000000\">normas de inscripci\u00f3n<\/a><\/span><\/p>\n<p style=\"text-align: left\"><span style=\"color: #000000\"><span style=\"font-weight: 400\">\u00a0\ud83d\udccf Antes de inscribirte, consulta la ruta en <a href=\"https:\/\/es.wikiloc.com\/rutas-senderismo\/parque-natural-el-hondo-ruta-verde-42457903\">wikiloc <\/a>para saber c\u00f3mo ser\u00e1 y el nivel aproximado de dificultad. <b>\u00a05 km | Dificultad: Muy F\u00e1cil<\/b><\/span><\/span><\/p>\n<p style=\"text-align: left\"><strong><span style=\"color: #ff0000\">\ud83d\udeab\u200b IMPORTANTE: antes de inscribirte consulta las normas de inscripci\u00f3n y cancelaci\u00f3n.\u00a0<\/span><\/strong><\/p>\n<p>[\/et_pb_text][et_pb_button button_text=&#8221;FORMULARIO CERRADO&#8221; disabled_on=&#8221;off|off|off&#8221; _builder_version=&#8221;4.17.4&#8243; _module_preset=&#8221;default&#8221; custom_button=&#8221;on&#8221; button_text_size=&#8221;17px&#8221; button_text_color=&#8221;#000000&#8243; button_bg_color=&#8221;#adc6d9&#8243; button_border_color=&#8221;#adc6d9&#8243; button_border_radius=&#8221;0px&#8221; button_letter_spacing=&#8221;1.3px&#8221; button_font=&#8221;Poppins|700||on|||||&#8221; button_icon=&#8221;&#x35;||divi||400&#8243; custom_margin=&#8221;|||26px|false|false&#8221; hover_enabled=&#8221;0&#8243; global_colors_info=&#8221;{}&#8221; sticky_enabled=&#8221;0&#8243;][\/et_pb_button][\/et_pb_column][et_pb_column type=&#8221;1_3&#8243; _builder_version=&#8221;4.17.4&#8243; _module_preset=&#8221;default&#8221; background_color=&#8221;#edebec&#8221; custom_padding=&#8221;||20px||false|false&#8221; global_colors_info=&#8221;{}&#8221;][et_pb_image src=&#8221;https:\/\/vidaumh.umh.es\/files\/2026\/01\/cumbre-del-menejador.jpg&#8221; title_text=&#8221;cumbre del menejador&#8221; _builder_version=&#8221;4.17.4&#8243; _module_preset=&#8221;default&#8221; global_colors_info=&#8221;{}&#8221;][\/et_pb_image][et_pb_text admin_label=&#8221;T\u00edtulo&#8221; _builder_version=&#8221;4.17.4&#8243; _module_preset=&#8221;default&#8221; header_6_font=&#8221;Poppins|900||on|||||&#8221; header_6_text_align=&#8221;center&#8221; header_6_font_size=&#8221;16px&#8221; header_6_line_height=&#8221;1.5em&#8221; global_colors_info=&#8221;{}&#8221;]<\/p>\n<h6><strong>cumbre del menejador (PARQUE NATURAL DEL CARRASCAL DE LA FONT ROJA)<\/strong><\/h6>\n<p>[\/et_pb_text][et_pb_text _builder_version=&#8221;4.17.4&#8243; _module_preset=&#8221;default&#8221; text_font=&#8221;Poppins||||||||&#8221; custom_padding=&#8221;|20px||20px|false|false&#8221; global_colors_info=&#8221;{}&#8221;]<\/p>\n<p><span style=\"font-weight: 400;color: #000000\">Nos adentramos en uno de los espacios naturales m\u00e1s emblem\u00e1ticos de la provincia de Alicante para alcanzar su punto m\u00e1s alto, la subida al Menejador. Una ruta con historia de incendios forestales, naturaleza y contraste de paisajes, ideal para disfrutar de la monta\u00f1a con un punto de reto en la subida. Para cerrar la jornada, compartiremos todos juntos un picnic en plena naturaleza y pondremos el broche final a una ma\u00f1ana de naturaleza y buena compa\u00f1\u00eda.<\/span><\/p>\n<p><strong>COMIDA NO INCLUIDA<\/strong><span style=\"font-weight: 400;color: #000000\"><\/span><\/p>\n<p style=\"text-align: left\"><span style=\"color: #000000\">\ud83d\udcc5\u200b 18 de abril de 2026<\/span><\/p>\n<p style=\"text-align: left\"><span style=\"color: #000000\">\ud83d\udd5b\u200b 08:30-18:00h<\/span><\/p>\n<p style=\"text-align: left\"><span style=\"color: #000000\">\ud83d\udccd Ptos. de recogida (pdte. confirmar hora):<\/span><\/p>\n<p><span style=\"font-weight: 400;color: #000000\">Puerta principal edif. Rectorado y Consejo Social (campus de Elche)<\/span><\/p>\n<ul>\n<li><span style=\"font-weight: 400;color: #000000\">Puerta principal edif. Rectorado y Consejo Social (campus de Elche)\u00a0<\/span><\/li>\n<li>Campus Sant Joan d\u2019Alacant \u2013 Pta. Hospital<\/li>\n<\/ul>\n<p style=\"text-align: left\"><span style=\"color: #000000\">\ud83d\udcb0 5\u20ac estudiantado, PTGAS y PDI, acompa\u00f1ante 10\u20ac <em><span style=\"text-decoration: underline\">(todos los asistentes deben tener +18 a\u00f1os)<\/span><\/em><\/span><\/p>\n<p style=\"text-align: left\"><span style=\"color: #000000\">\u26a0\ufe0f\u200b Las plazas se asignan por orden de pago<\/span><\/p>\n<p style=\"text-align: left\"><span style=\"color: #000000\">\ud83d\udeab\u200b Consulta las\u00a0<a style=\"color: #000000\" href=\"https:\/\/forms.gle\/PUtVZzYMFbLuo4Ta6\">normas de inscripci\u00f3n<\/a><\/span><\/p>\n<p style=\"text-align: left\"><span style=\"color: #000000\"> \ud83d\udccf <span style=\"font-weight: 400\">Antes de inscribirte, consulta la ruta en <a href=\"https:\/\/es.wikiloc.com\/rutas-senderismo\/cumbre-del-menejador-1-356-m-desde-el-santuario-de-la-font-roja-44420712\">wikiloc <\/a>para saber c\u00f3mo ser\u00e1 y el nivel aproximado de dificultad. <b>8 km | Dificultad: Medio\/Alta<\/b><\/span><\/span><\/p>\n<p style=\"text-align: justify\"><strong><span style=\"color: #ff0000\">\ud83d\udeab\u200bIMPORTANTE: antes de inscribirte consulta las normas de inscripci\u00f3n y cancelaci\u00f3n.\u00a0<\/span><\/strong><\/p>\n<p>[\/et_pb_text][et_pb_button button_url=&#8221;https:\/\/universite.umh.es\/recibos\/obtenerDatosReb.asp?selTipreb=1&amp;selSubtipreb=92&#8243; button_text=&#8221;INSCR\u00cdBETE DESDE EL 09\/02&#8243; disabled_on=&#8221;off|off|off&#8221; _builder_version=&#8221;4.17.4&#8243; _module_preset=&#8221;default&#8221; custom_button=&#8221;on&#8221; button_text_size=&#8221;17px&#8221; button_text_color=&#8221;#000000&#8243; button_bg_color=&#8221;#adc6d9&#8243; button_border_color=&#8221;#adc6d9&#8243; button_border_radius=&#8221;0px&#8221; button_letter_spacing=&#8221;1.3px&#8221; button_font=&#8221;Poppins|700||on|||||&#8221; button_icon=&#8221;&#x35;||divi||400&#8243; custom_margin=&#8221;|||26px|false|false&#8221; global_colors_info=&#8221;{}&#8221;][\/et_pb_button][\/et_pb_column][\/et_pb_row][et_pb_row column_structure=&#8221;1_2,1_2&#8243; disabled_on=&#8221;off|off|off&#8221; admin_label=&#8221;2 actividades&#8221; _builder_version=&#8221;4.17.4&#8243; _module_preset=&#8221;default&#8221; collapsed=&#8221;on&#8221; global_colors_info=&#8221;{}&#8221;][et_pb_column type=&#8221;1_2&#8243; _builder_version=&#8221;4.17.4&#8243; _module_preset=&#8221;default&#8221; background_color=&#8221;#edebec&#8221; custom_padding=&#8221;||20px||false|false&#8221; global_colors_info=&#8221;{}&#8221;][et_pb_image admin_label=&#8221;Imagen &#8211; 1024&#215;819&#8243; _builder_version=&#8221;4.17.4&#8243; _module_preset=&#8221;default&#8221; global_colors_info=&#8221;{}&#8221;][\/et_pb_image][et_pb_image src=&#8221;https:\/\/vidaumh.umh.es\/files\/2025\/07\/5-castell-de-castells-escalada.jpg&#8221; title_text=&#8221;5 castell de castells escalada&#8221; admin_label=&#8221;Imagen&#8221; _builder_version=&#8221;4.17.4&#8243; _module_preset=&#8221;default&#8221; global_colors_info=&#8221;{}&#8221;][\/et_pb_image][et_pb_text admin_label=&#8221;T\u00edtulo&#8221; _builder_version=&#8221;4.17.4&#8243; _module_preset=&#8221;default&#8221; header_6_font=&#8221;Poppins|900||on|||||&#8221; header_6_text_align=&#8221;center&#8221; header_6_font_size=&#8221;16px&#8221; header_6_line_height=&#8221;1.5em&#8221; global_colors_info=&#8221;{}&#8221;]<\/p>\n<h6>ELS ARCS DE CASTELL DE CASTELLS (CASTELL DE CASTELLS)<\/h6>\n<p>[\/et_pb_text][et_pb_text _builder_version=&#8221;4.17.4&#8243; _module_preset=&#8221;default&#8221; text_font=&#8221;Poppins||||||||&#8221; min_height=&#8221;934px&#8221; custom_margin=&#8221;||-171px|||&#8221; custom_padding=&#8221;|20px|0px|20px|false|false&#8221; global_colors_info=&#8221;{}&#8221;]<\/p>\n<p><span style=\"color: #333333\"><span style=\"font-weight: 400\">La ruta a <\/span><b>Els Arcs de Castell de Castells <\/b><span style=\"font-weight: 400\">nos invita a descubrir un paisaje de monta\u00f1a aut\u00e9ntico. El sendero, nos gu\u00eda entre formaciones rocosas y vistas amplias que nos conectan con la tierra.<\/span><\/span><\/p>\n<p><span style=\"font-weight: 400;color: #333333\">El momento m\u00e1s especial llega al alcanzar Els Arcs, un espectacular arco natural tallado por la erosi\u00f3n, que se alza majestuoso sobre el valle. Y para completar la jornada, nada como disfrutar de la gastronom\u00eda local, con platos tradicionales. \u00bfTe vas a quedar sin experimentar esta \u00faltima experiencia?<\/span><\/p>\n<p style=\"text-align: left\"><span style=\"color: #000000\">\ud83d\udcc5\u200b <strong><span style=\"color: #ff0000\">\u00a1NUEVA FECHA! 25 DE ABRIL<\/span><\/strong> (Cancelado el 7 marzo de 2026)<\/span><\/p>\n<p style=\"text-align: left\"><span style=\"color: #000000\">\ud83d\udd5b\u200b 08:30-18h<\/span><\/p>\n<p style=\"text-align: left\"><span style=\"color: #000000\">\ud83d\udccd Ptos. de recogida (pdte. confirmaci\u00f3n hora):<\/span><\/p>\n<ul style=\"text-align: left\">\n<li><span style=\"font-weight: 400;color: #000000\">Puerta principal edif. Rectorado y Consejo Social (campus de Elche)\u00a0<\/span><\/li>\n<li><span style=\"color: #000000;font-size: 14px\">Campus Sant Joan d\u2019Alacant \u2013 Pta. Hospital\u00a0<\/span><\/li>\n<\/ul>\n<p style=\"text-align: left\"><span style=\"color: #000000\">\ud83d\udcb0 15\u20ac estudiantado, PTGAS y PDI, acompa\u00f1ante 30\u20ac <em><span style=\"text-decoration: underline\">(todos los asistentes deben tener +18 a\u00f1os)<\/span><\/em><\/span><\/p>\n<p style=\"text-align: left\"><span style=\"color: #000000\">\u26a0\ufe0f\u200b Las plazas se asignan por orden de pago.<\/span><\/p>\n<p style=\"text-align: left\"><span style=\"color: #000000\"><span style=\"font-weight: 400\">\ud83d\udccfAntes de inscribirte, consulta la ruta en <a href=\"https:\/\/es.wikiloc.com\/rutas-senderismo\/colosal-monumento-naturalels-arcs-de-castell-de-castells-penya-escoda-aljub-corrales-de-xarquet-pla-155218659\">wikiloc <\/a>para saber c\u00f3mo ser\u00e1 y el nivel aproximado de dificultad.\u00a0 Resumen: <b> 7,5 km | Dificultad: Moderada <\/b><\/span><\/span><\/p>\n<p>&nbsp;<\/p>\n<p><span style=\"color: #000000\"><\/span><strong><span style=\"color: #ff0000\">\ud83d\udeab\u200b IMPORTANTE: antes de inscribirte consulta las normas de inscripci\u00f3n y cancelaci\u00f3n.\u00a0<\/span><\/strong><\/p>\n<p style=\"text-align: left\"><span style=\"color: #000000\"><\/span><\/p>\n<p style=\"text-align: left\"><strong><span style=\"color: #ff0000\"><\/span><\/strong><\/p>\n<p style=\"text-align: left\"><span style=\"color: #3366ff\">\u00a0<\/span><\/p>\n<p>[\/et_pb_text][et_pb_button button_url=&#8221;https:\/\/universite.umh.es\/recibos\/obtenerDatosReb.asp?selTipreb=1&amp;selSubtipreb=90&#8243; button_text=&#8221;INSCR\u00cdBETE&#8221; disabled_on=&#8221;off|off|off&#8221; _builder_version=&#8221;4.17.4&#8243; _module_preset=&#8221;default&#8221; custom_button=&#8221;on&#8221; button_text_size=&#8221;17px&#8221; button_text_color=&#8221;#000000&#8243; button_bg_color=&#8221;#adc6d9&#8243; button_border_color=&#8221;#adc6d9&#8243; button_border_radius=&#8221;0px&#8221; button_letter_spacing=&#8221;1.3px&#8221; button_font=&#8221;Poppins|700||on|||||&#8221; button_icon=&#8221;&#x35;||divi||400&#8243; custom_margin=&#8221;-61px|||26px|false|false&#8221; global_colors_info=&#8221;{}&#8221;][\/et_pb_button][\/et_pb_column][et_pb_column type=&#8221;1_2&#8243; _builder_version=&#8221;4.17.4&#8243; _module_preset=&#8221;default&#8221; background_color=&#8221;#edebec&#8221; custom_padding=&#8221;||20px||false|false&#8221; global_colors_info=&#8221;{}&#8221;][et_pb_image admin_label=&#8221;Imagen &#8211; 1024&#215;819&#8243; _builder_version=&#8221;4.17.4&#8243; _module_preset=&#8221;default&#8221; global_colors_info=&#8221;{}&#8221;][\/et_pb_image][et_pb_image src=&#8221;https:\/\/vidaumh.umh.es\/files\/2026\/01\/punta-del-cavall.jpg&#8221; title_text=&#8221;punta del cavall&#8221; _builder_version=&#8221;4.17.4&#8243; _module_preset=&#8221;default&#8221; global_colors_info=&#8221;{}&#8221;][\/et_pb_image][et_pb_text admin_label=&#8221;T\u00edtulo&#8221; _builder_version=&#8221;4.17.4&#8243; _module_preset=&#8221;default&#8221; header_6_font=&#8221;Poppins|900||on|||||&#8221; header_6_text_align=&#8221;center&#8221; header_6_font_size=&#8221;16px&#8221; header_6_line_height=&#8221;1.5em&#8221; global_colors_info=&#8221;{}&#8221;]<\/p>\n<h6><b>Punta del Cavall (BENIDORM)<\/b><\/h6>\n<p>[\/et_pb_text][et_pb_text _builder_version=&#8221;4.17.4&#8243; _module_preset=&#8221;default&#8221; text_font=&#8221;Poppins||||||||&#8221; custom_padding=&#8221;|20px||20px|false|false&#8221; global_colors_info=&#8221;{}&#8221;]<\/p>\n<p><span style=\"color: #000000\"><span style=\"font-weight: 400\">\u00a1Cerramos la temporada con vistas al azul infinito! Acomp\u00e1\u00f1anos a la <\/span><b>Punta del Cavall<\/b><span style=\"font-weight: 400\">, un balc\u00f3n natural sobre los acantilados de la Serra Gelada. Un sendero suave y accesible que nos regalar\u00e1 la mejor panor\u00e1mica de la costa de Benidorm y su espectacular skyline. Para celebrar todas las aventuras vividas este a\u00f1o, despediremos la temporada con una \u00faltima <\/span><b>comida en un restaurante<\/b><span style=\"font-weight: 400\"> frente al Mediterr\u00e1neo.<\/span><\/span><\/p>\n<p><span style=\"color: #000000;font-size: 14px\">\ud83d\udcc5\u200b 9 de mayo de 2026<\/span><\/p>\n<p style=\"text-align: left\"><span style=\"color: #000000\">\ud83d\udd5b\u200b 08:30-18.00h<\/span><\/p>\n<p style=\"text-align: left\"><span style=\"color: #000000\">\ud83d\udccd Ptos. de recogida (pdte.confirmar hora):<\/span><span style=\"color: #000000;font-size: 14px\"><\/span><\/p>\n<ul style=\"text-align: left\">\n<li><span style=\"font-weight: 400;color: #000000\">Puerta principal edif. Rectorado y Consejo Social (campus de Elche)\u00a0<\/span><\/li>\n<li><span style=\"font-weight: 400;color: #000000\">Campus Sant Joan d\u2019Alacant \u2013 Pta. Hospital\u00a0<\/span><\/li>\n<\/ul>\n<p style=\"text-align: left\"><span style=\"color: #000000\">\ud83d\udcb0 15\u20ac estudiantado, PTGAS y PDI, acompa\u00f1ante 30\u20ac <em><span style=\"text-decoration: underline\">(todos los asistentes deben tener +18 a\u00f1os)<\/span><\/em><\/span><\/p>\n<p style=\"text-align: left\"><span style=\"color: #000000\">\u26a0\ufe0f\u200b Las plazas se asignan por orden de pago<\/span><\/p>\n<p style=\"text-align: left\"><span style=\"color: #000000\">\ud83d\udeab\u200b Consulta las\u00a0<a href=\"https:\/\/vidaumh.umh.es\/normativa-inscripcion\/\" style=\"color: #000000\">normas de inscripci\u00f3n<\/a><\/span><\/p>\n<p style=\"text-align: left\"><span style=\"color: #000000\"><span style=\"font-weight: 400\">\ud83d\udccfAntes de inscribirte, consulta la ruta en <a href=\"https:\/\/es.wikiloc.com\/rutas-senderismo\/punta-del-cavall-14577242\"><strong>wikiloc<\/strong> <\/a>para saber c\u00f3mo ser\u00e1 y el nivel aproximado de dificultad. <b>\ud83d\udccf 6 km | Dificultad: F\u00e1cil<\/b><\/span><\/span><\/p>\n<p style=\"text-align: left\"><strong> <span style=\"color: #ff0000\">\ud83d\udeab\u200b IMPORTANTE: antes de inscribirte consulta las normas de inscripci\u00f3n y cancelaci\u00f3n.\u00a0<\/span><\/strong><\/p>\n<p>[\/et_pb_text][et_pb_button button_url=&#8221;https:\/\/forms.gle\/xBuhwHzjmbcVYMYN6&#8243; button_text=&#8221;COMPLETO. INSCR\u00cdBETE EN LA LISTA DE ESPERA&#8221; disabled_on=&#8221;off|off|off&#8221; _builder_version=&#8221;4.17.4&#8243; _module_preset=&#8221;default&#8221; custom_button=&#8221;on&#8221; button_text_size=&#8221;17px&#8221; button_text_color=&#8221;#000000&#8243; button_bg_color=&#8221;#adc6d9&#8243; button_border_color=&#8221;#adc6d9&#8243; button_border_radius=&#8221;0px&#8221; button_letter_spacing=&#8221;1.3px&#8221; button_font=&#8221;Poppins|700||on|||||&#8221; button_icon=&#8221;&#x35;||divi||400&#8243; custom_margin=&#8221;|||26px|false|false&#8221; global_colors_info=&#8221;{}&#8221;][\/et_pb_button][\/et_pb_column][\/et_pb_row][\/et_pb_section][et_pb_section fb_built=&#8221;1&#8243; admin_label=&#8221;Actividades&#8221; module_id=&#8221;act&#8221; _builder_version=&#8221;4.17.4&#8243; _module_preset=&#8221;default&#8221; locked=&#8221;off&#8221; collapsed=&#8221;on&#8221; global_colors_info=&#8221;{}&#8221;][et_pb_row disabled_on=&#8221;on|on|on&#8221; admin_label=&#8221;2 actividades&#8221; _builder_version=&#8221;4.17.4&#8243; _module_preset=&#8221;default&#8221; disabled=&#8221;on&#8221; collapsed=&#8221;on&#8221; global_colors_info=&#8221;{}&#8221;][et_pb_column type=&#8221;4_4&#8243; _builder_version=&#8221;4.17.4&#8243; _module_preset=&#8221;default&#8221; background_color=&#8221;#edebec&#8221; custom_padding=&#8221;||20px||false|false&#8221; global_colors_info=&#8221;{}&#8221;][et_pb_image admin_label=&#8221;Imagen &#8211; 1024&#215;819&#8243; _builder_version=&#8221;4.17.4&#8243; _module_preset=&#8221;default&#8221; global_colors_info=&#8221;{}&#8221;][\/et_pb_image][et_pb_image src=&#8221;https:\/\/vidaumh.umh.es\/files\/2025\/07\/5-castell-de-castells-escalada.jpg&#8221; title_text=&#8221;5 castell de castells escalada&#8221; disabled_on=&#8221;on|on|on&#8221; _builder_version=&#8221;4.17.4&#8243; _module_preset=&#8221;default&#8221; disabled=&#8221;on&#8221; global_colors_info=&#8221;{}&#8221;][\/et_pb_image][et_pb_text admin_label=&#8221;T\u00edtulo&#8221; _builder_version=&#8221;4.17.4&#8243; _module_preset=&#8221;default&#8221; header_6_font=&#8221;Poppins|900||on|||||&#8221; header_6_text_align=&#8221;center&#8221; header_6_font_size=&#8221;16px&#8221; header_6_line_height=&#8221;1.5em&#8221; global_colors_info=&#8221;{}&#8221;]<\/p>\n<h6><b>ELS ARCS DE CASTELL DE CASTELLS<\/b><\/h6>\n<p>[\/et_pb_text][et_pb_text _builder_version=&#8221;4.17.4&#8243; _module_preset=&#8221;default&#8221; text_font=&#8221;Poppins||||||||&#8221; custom_padding=&#8221;|20px||20px|false|false&#8221; global_colors_info=&#8221;{}&#8221;]<\/p>\n<p style=\"text-align: left\">La ruta a Els Arcs de Castell de Castells nos invita a descubrir un paisaje de monta\u00f1a aut\u00e9ntico. El sendero nos gu\u00eda entre formaciones rocosas y vistas amplias que nos conectan con la tierra. El momento m\u00e1s especial llega al alcanzar Els Arcs, un espectacular arco natural tallado por la erosi\u00f3n, que se alza majestuoso sobre el valle. Y para completar la jornada, nada como disfrutar de la gastronom\u00eda local con platos tradicionales. \u00bfTe vas a quedar sin experimentar esta \u00faltima experiencia?<\/p>\n<p style=\"text-align: left\"><span style=\"color: #000000\">\ud83d\udcc5\u200b 13 de diciembre de 2025<\/span><\/p>\n<p style=\"text-align: left\"><span style=\"color: #000000\">\ud83d\udd5b\u200b 08:30-18.00h<\/span><\/p>\n<p style=\"text-align: left\"><span style=\"color: #000000\">\ud83d\udccd Ptos. de recogida (pdte.confirmar hora):<\/span><\/p>\n<ul style=\"text-align: left\">\n<li><span style=\"font-weight: 400;color: #000000\">Parking del edificio Torreblanca (campus de Elche)\u00a0<\/span><\/li>\n<li><span style=\"font-weight: 400;color: #000000\">Campus Sant Joan d\u2019Alacant \u2013 Pta. Hospital\u00a0<\/span><\/li>\n<\/ul>\n<p style=\"text-align: left\"><span style=\"color: #000000\">\ud83d\udcb0 15\u20ac estudiantado, PTGAS y PDI, acompa\u00f1ante 30\u20ac <em><span style=\"text-decoration: underline\">(todos los asistentes deben tener +18 a\u00f1os)<\/span><\/em><\/span><\/p>\n<p style=\"text-align: left\"><span style=\"color: #000000\">\u26a0\ufe0f\u200b Las plazas se asignan por orden de pago<\/span><\/p>\n<p style=\"text-align: left\"><span style=\"color: #000000\">\ud83d\udeab\u200b Consulta las\u00a0<a href=\"https:\/\/vidaumh.umh.es\/normativa-inscripcion\/\" style=\"color: #000000\">normas de inscripci\u00f3n<\/a><\/span><\/p>\n<p style=\"text-align: left\"><span style=\"color: #000000\"><span style=\"font-weight: 400\">\ud83d\udccfAntes de inscribirte, consulta la ruta en <a href=\"https:\/\/es.wikiloc.com\/rutas-senderismo\/els-arcs-de-castell-de-castells-pr-cv-151-58150080\">wikiloc <\/a>para saber c\u00f3mo ser\u00e1 y el nivel aproximado de dificultad.\u00a0 Resumen: 7,5 km |\u00a0 Desnivel: +217 m | <strong>Dificultad: Moderada<\/strong><\/span><\/span><\/p>\n<p style=\"text-align: left\"><strong> <span style=\"color: #ff0000\">\ud83d\udeab\u200b IMPORTANTE: antes de inscribirte consulta las normas de inscripci\u00f3n y cancelaci\u00f3n.\u00a0<\/span><\/strong><\/p>\n<p>[\/et_pb_text][et_pb_button button_url=&#8221;https:\/\/docs.google.com\/forms\/d\/e\/1FAIpQLSf256hkPr3-Mel1tiMCCvfUcfqsQHxjgJfL-nN4WzCl1Y5DKg\/viewform?usp=dialog&#8221; button_text=&#8221;CANCELADO&#8221; disabled_on=&#8221;off|off|off&#8221; _builder_version=&#8221;4.17.4&#8243; _module_preset=&#8221;default&#8221; custom_button=&#8221;on&#8221; button_text_size=&#8221;17px&#8221; button_text_color=&#8221;#000000&#8243; button_bg_color=&#8221;#adc6d9&#8243; button_border_color=&#8221;#adc6d9&#8243; button_border_radius=&#8221;0px&#8221; button_letter_spacing=&#8221;1.3px&#8221; button_font=&#8221;Poppins|700||on|||||&#8221; button_icon=&#8221;&#x35;||divi||400&#8243; custom_margin=&#8221;|||26px|false|false&#8221; global_colors_info=&#8221;{}&#8221;][\/et_pb_button][\/et_pb_column][\/et_pb_row][\/et_pb_section][et_pb_section fb_built=&#8221;1&#8243; disabled_on=&#8221;on|on|on&#8221; admin_label=&#8221;Disfruta del club&#8221; _builder_version=&#8221;4.17.4&#8243; _module_preset=&#8221;default&#8221; background_color=&#8221;#323741&#8243; disabled=&#8221;on&#8221; collapsed=&#8221;on&#8221; global_colors_info=&#8221;{}&#8221;][et_pb_row _builder_version=&#8221;4.17.4&#8243; _module_preset=&#8221;default&#8221; width=&#8221;60%&#8221; width_tablet=&#8221;80%&#8221; width_phone=&#8221;80%&#8221; width_last_edited=&#8221;on|tablet&#8221; global_colors_info=&#8221;{}&#8221;][et_pb_column type=&#8221;4_4&#8243; _builder_version=&#8221;4.17.4&#8243; _module_preset=&#8221;default&#8221; global_colors_info=&#8221;{}&#8221;][et_pb_text _builder_version=&#8221;4.17.4&#8243; _module_preset=&#8221;default&#8221; header_2_font=&#8221;Poppins|700|||||||&#8221; header_2_text_color=&#8221;#FFC38F&#8221; header_2_font_size=&#8221;48px&#8221; header_2_line_height=&#8221;1.2em&#8221; text_orientation=&#8221;center&#8221; header_2_font_size_tablet=&#8221;32px&#8221; header_2_font_size_phone=&#8221;20px&#8221; header_2_font_size_last_edited=&#8221;on|desktop&#8221; global_colors_info=&#8221;{}&#8221;]<\/p>\n<h2>DISFRUTA DEL CLUB DE ESCAPADAS GASTROAMBIENTALES<\/h2>\n<p>[\/et_pb_text][\/et_pb_column][\/et_pb_row][et_pb_row _builder_version=&#8221;4.17.4&#8243; _module_preset=&#8221;default&#8221; global_colors_info=&#8221;{}&#8221;][et_pb_column type=&#8221;4_4&#8243; _builder_version=&#8221;4.17.4&#8243; _module_preset=&#8221;default&#8221; global_colors_info=&#8221;{}&#8221;][et_pb_video src=&#8221;https:\/\/youtu.be\/JgmyFffkmls&#8221; _builder_version=&#8221;4.17.4&#8243; vertical_offset_tablet=&#8221;0&#8243; horizontal_offset_tablet=&#8221;0&#8243; z_index_tablet=&#8221;0&#8243; box_shadow_horizontal_tablet=&#8221;0px&#8221; box_shadow_vertical_tablet=&#8221;0px&#8221; box_shadow_blur_tablet=&#8221;40px&#8221; box_shadow_spread_tablet=&#8221;0px&#8221; global_colors_info=&#8221;{}&#8221;][\/et_pb_video][\/et_pb_column][\/et_pb_row][\/et_pb_section][et_pb_section fb_built=&#8221;1&#8243; disabled_on=&#8221;on|on|on&#8221; admin_label=&#8221;Titulo actividades pasadas&#8221; _builder_version=&#8221;4.17.4&#8243; _module_preset=&#8221;default&#8221; background_color=&#8221;#323741&#8243; disabled=&#8221;on&#8221; collapsed=&#8221;on&#8221; global_colors_info=&#8221;{}&#8221;][et_pb_row _builder_version=&#8221;4.17.4&#8243; _module_preset=&#8221;default&#8221; width=&#8221;60%&#8221; width_tablet=&#8221;80%&#8221; width_phone=&#8221;80%&#8221; width_last_edited=&#8221;on|tablet&#8221; collapsed=&#8221;on&#8221; global_colors_info=&#8221;{}&#8221;][et_pb_column type=&#8221;4_4&#8243; _builder_version=&#8221;4.17.4&#8243; _module_preset=&#8221;default&#8221; global_colors_info=&#8221;{}&#8221;][et_pb_text _builder_version=&#8221;4.17.4&#8243; _module_preset=&#8221;default&#8221; header_2_font=&#8221;Poppins|700|||||||&#8221; header_2_text_color=&#8221;#FFC38F&#8221; header_2_font_size=&#8221;48px&#8221; header_2_line_height=&#8221;1.2em&#8221; text_orientation=&#8221;center&#8221; header_2_font_size_tablet=&#8221;32px&#8221; header_2_font_size_phone=&#8221;20px&#8221; header_2_font_size_last_edited=&#8221;on|desktop&#8221; global_colors_info=&#8221;{}&#8221;]<\/p>\n<h2>ACTIVIDADES PASADAS<\/h2>\n<p>[\/et_pb_text][\/et_pb_column][\/et_pb_row][\/et_pb_section][et_pb_section fb_built=&#8221;1&#8243; disabled_on=&#8221;on|on|on&#8221; admin_label=&#8221;1 Actividad pasada&#8221; _builder_version=&#8221;4.17.4&#8243; _module_preset=&#8221;default&#8221; background_color=&#8221;#323741&#8243; disabled=&#8221;on&#8221; collapsed=&#8221;on&#8221; global_colors_info=&#8221;{}&#8221;][et_pb_row admin_label=&#8221;1 Actividad&#8221; _builder_version=&#8221;4.17.4&#8243; _module_preset=&#8221;default&#8221; collapsed=&#8221;off&#8221; global_colors_info=&#8221;{}&#8221;][et_pb_column type=&#8221;4_4&#8243; _builder_version=&#8221;4.17.4&#8243; _module_preset=&#8221;default&#8221; global_colors_info=&#8221;{}&#8221;][et_pb_image src=&#8221;https:\/\/vidaumh.umh.es\/files\/2025\/07\/1-villajoyosa-escalada.jpg&#8221; title_text=&#8221;1 villajoyosa escalada&#8221; align=&#8221;center&#8221; _builder_version=&#8221;4.17.4&#8243; _module_preset=&#8221;default&#8221; width=&#8221;39%&#8221; global_colors_info=&#8221;{}&#8221;][\/et_pb_image][et_pb_text admin_label=&#8221;T\u00edtulo&#8221; _builder_version=&#8221;4.17.4&#8243; _module_preset=&#8221;default&#8221; header_6_font=&#8221;Open Sans|700|||||||&#8221; header_6_text_color=&#8221;#ADC6D9&#8243; header_6_font_size=&#8221;16px&#8221; header_6_line_height=&#8221;1.5em&#8221; text_orientation=&#8221;center&#8221; custom_margin=&#8221;||0px||false|false&#8221; header_6_font_size_tablet=&#8221;15px&#8221; header_6_font_size_phone=&#8221;14px&#8221; header_6_font_size_last_edited=&#8221;on|desktop&#8221; locked=&#8221;off&#8221; global_colors_info=&#8221;{}&#8221;]<\/p>\n<h6>El sendero de la costa de Villajoyosa<\/h6>\n<p>[\/et_pb_text][et_pb_text admin_label=&#8221;Fecha&#8221; _builder_version=&#8221;4.17.4&#8243; _module_preset=&#8221;default&#8221; text_font=&#8221;Open Sans||||||||&#8221; text_text_color=&#8221;#FFFFFF&#8221; text_font_size=&#8221;16px&#8221; text_line_height=&#8221;1.8em&#8221; text_orientation=&#8221;center&#8221; text_font_size_tablet=&#8221;15px&#8221; text_font_size_phone=&#8221;14px&#8221; text_font_size_last_edited=&#8221;on|phone&#8221; header_font_size_tablet=&#8221;55px&#8221; header_font_size_last_edited=&#8221;off|desktop&#8221; locked=&#8221;off&#8221; global_colors_info=&#8221;{}&#8221;]<\/p>\n<p>24 de septiembre<\/p>\n<p>[\/et_pb_text][\/et_pb_column][\/et_pb_row][\/et_pb_section][et_pb_section fb_built=&#8221;1&#8243; disabled_on=&#8221;on|on|on&#8221; admin_label=&#8221;2 Actividad pasada&#8221; _builder_version=&#8221;4.17.4&#8243; _module_preset=&#8221;default&#8221; background_color=&#8221;#323741&#8243; disabled=&#8221;on&#8221; collapsed=&#8221;on&#8221; global_colors_info=&#8221;{}&#8221;][et_pb_row column_structure=&#8221;1_2,1_2&#8243; admin_label=&#8221;1 Actividad&#8221; _builder_version=&#8221;4.17.4&#8243; _module_preset=&#8221;default&#8221; collapsed=&#8221;off&#8221; global_colors_info=&#8221;{}&#8221;][et_pb_column type=&#8221;1_2&#8243; _builder_version=&#8221;4.17.4&#8243; _module_preset=&#8221;default&#8221; global_colors_info=&#8221;{}&#8221;][et_pb_image src=&#8221;https:\/\/vidaumh.umh.es\/files\/2025\/07\/1-villajoyosa-escalada.jpg&#8221; title_text=&#8221;1 villajoyosa escalada&#8221; align=&#8221;center&#8221; _builder_version=&#8221;4.17.4&#8243; _module_preset=&#8221;default&#8221; width=&#8221;100%&#8221; global_colors_info=&#8221;{}&#8221;][\/et_pb_image][et_pb_text admin_label=&#8221;T\u00edtulo&#8221; _builder_version=&#8221;4.17.4&#8243; _module_preset=&#8221;default&#8221; header_6_font=&#8221;Open Sans|700|||||||&#8221; header_6_text_color=&#8221;#ADC6D9&#8243; header_6_font_size=&#8221;16px&#8221; header_6_line_height=&#8221;1.5em&#8221; text_orientation=&#8221;center&#8221; custom_margin=&#8221;||0px||false|false&#8221; header_6_font_size_tablet=&#8221;15px&#8221; header_6_font_size_phone=&#8221;14px&#8221; header_6_font_size_last_edited=&#8221;on|desktop&#8221; locked=&#8221;off&#8221; global_colors_info=&#8221;{}&#8221;]<\/p>\n<h6>El sendero de la costa de Villajoyosa<\/h6>\n<p>[\/et_pb_text][et_pb_text admin_label=&#8221;Fecha&#8221; _builder_version=&#8221;4.17.4&#8243; _module_preset=&#8221;default&#8221; text_font=&#8221;Open Sans||||||||&#8221; text_text_color=&#8221;#FFFFFF&#8221; text_font_size=&#8221;16px&#8221; text_line_height=&#8221;1.8em&#8221; text_orientation=&#8221;center&#8221; text_font_size_tablet=&#8221;15px&#8221; text_font_size_phone=&#8221;14px&#8221; text_font_size_last_edited=&#8221;on|phone&#8221; header_font_size_tablet=&#8221;55px&#8221; header_font_size_last_edited=&#8221;off|desktop&#8221; locked=&#8221;off&#8221; global_colors_info=&#8221;{}&#8221;]<\/p>\n<p>24 de septiembre<\/p>\n<p>[\/et_pb_text][\/et_pb_column][et_pb_column type=&#8221;1_2&#8243; _builder_version=&#8221;4.17.4&#8243; _module_preset=&#8221;default&#8221; global_colors_info=&#8221;{}&#8221;][et_pb_image src=&#8221;https:\/\/vidaumh.umh.es\/files\/2025\/01\/los-molinos.jpg&#8221; title_text=&#8221;los molinos&#8221; align=&#8221;center&#8221; _builder_version=&#8221;4.17.4&#8243; _module_preset=&#8221;default&#8221; width=&#8221;100%&#8221; global_colors_info=&#8221;{}&#8221;][\/et_pb_image][et_pb_text admin_label=&#8221;T\u00edtulo&#8221; _builder_version=&#8221;4.17.4&#8243; _module_preset=&#8221;default&#8221; header_6_font=&#8221;Open Sans|700|||||||&#8221; header_6_text_color=&#8221;#ADC6D9&#8243; header_6_font_size=&#8221;16px&#8221; header_6_line_height=&#8221;1.5em&#8221; text_orientation=&#8221;center&#8221; custom_margin=&#8221;||0px||false|false&#8221; header_6_font_size_tablet=&#8221;15px&#8221; header_6_font_size_phone=&#8221;14px&#8221; header_6_font_size_last_edited=&#8221;on|desktop&#8221; locked=&#8221;off&#8221; global_colors_info=&#8221;{}&#8221;]<\/p>\n<h6>Observaci\u00f3n Nocturna<\/h6>\n<p>[\/et_pb_text][et_pb_text admin_label=&#8221;Fecha&#8221; _builder_version=&#8221;4.17.4&#8243; _module_preset=&#8221;default&#8221; text_font=&#8221;Open Sans||||||||&#8221; text_text_color=&#8221;#FFFFFF&#8221; text_font_size=&#8221;16px&#8221; text_line_height=&#8221;1.8em&#8221; text_orientation=&#8221;center&#8221; text_font_size_tablet=&#8221;15px&#8221; text_font_size_phone=&#8221;14px&#8221; text_font_size_last_edited=&#8221;on|phone&#8221; header_font_size_tablet=&#8221;55px&#8221; header_font_size_last_edited=&#8221;off|desktop&#8221; locked=&#8221;off&#8221; global_colors_info=&#8221;{}&#8221;]<\/p>\n<p>3 de octubre<\/p>\n<p>[\/et_pb_text][\/et_pb_column][\/et_pb_row][\/et_pb_section][et_pb_section fb_built=&#8221;1&#8243; disabled_on=&#8221;on|on|on&#8221; admin_label=&#8221;4 Actividad pasada&#8221; _builder_version=&#8221;4.17.4&#8243; _module_preset=&#8221;default&#8221; background_color=&#8221;#323741&#8243; disabled=&#8221;on&#8221; collapsed=&#8221;on&#8221; global_colors_info=&#8221;{}&#8221;][et_pb_row column_structure=&#8221;1_2,1_2&#8243; admin_label=&#8221;1 Actividad&#8221; _builder_version=&#8221;4.17.4&#8243; _module_preset=&#8221;default&#8221; collapsed=&#8221;on&#8221; global_colors_info=&#8221;{}&#8221;][et_pb_column type=&#8221;1_2&#8243; _builder_version=&#8221;4.17.4&#8243; _module_preset=&#8221;default&#8221; global_colors_info=&#8221;{}&#8221;][et_pb_image src=&#8221;https:\/\/vidaumh.umh.es\/files\/2025\/07\/1-villajoyosa-escalada.jpg&#8221; title_text=&#8221;1 villajoyosa escalada&#8221; align=&#8221;center&#8221; _builder_version=&#8221;4.17.4&#8243; _module_preset=&#8221;default&#8221; global_colors_info=&#8221;{}&#8221;][\/et_pb_image][et_pb_text admin_label=&#8221;T\u00edtulo&#8221; _builder_version=&#8221;4.17.4&#8243; _module_preset=&#8221;default&#8221; header_6_font=&#8221;Open Sans|700|||||||&#8221; header_6_text_color=&#8221;#ADC6D9&#8243; header_6_font_size=&#8221;16px&#8221; header_6_line_height=&#8221;1.5em&#8221; text_orientation=&#8221;center&#8221; custom_margin=&#8221;||0px||false|false&#8221; header_6_font_size_tablet=&#8221;15px&#8221; header_6_font_size_phone=&#8221;14px&#8221; header_6_font_size_last_edited=&#8221;on|desktop&#8221; locked=&#8221;off&#8221; global_colors_info=&#8221;{}&#8221;]<\/p>\n<h6>El sendero de la costa de Villajoyosa<\/h6>\n<p>[\/et_pb_text][et_pb_text admin_label=&#8221;Fecha&#8221; _builder_version=&#8221;4.17.4&#8243; _module_preset=&#8221;default&#8221; text_font=&#8221;Open Sans||||||||&#8221; text_text_color=&#8221;#FFFFFF&#8221; text_font_size=&#8221;16px&#8221; text_line_height=&#8221;1.8em&#8221; text_orientation=&#8221;center&#8221; text_font_size_tablet=&#8221;15px&#8221; text_font_size_phone=&#8221;14px&#8221; text_font_size_last_edited=&#8221;on|phone&#8221; header_font_size_tablet=&#8221;55px&#8221; header_font_size_last_edited=&#8221;off|desktop&#8221; locked=&#8221;off&#8221; global_colors_info=&#8221;{}&#8221;]<\/p>\n<p>24 de septiembre<\/p>\n<p>[\/et_pb_text][\/et_pb_column][et_pb_column type=&#8221;1_2&#8243; _builder_version=&#8221;4.17.4&#8243; _module_preset=&#8221;default&#8221; global_colors_info=&#8221;{}&#8221;][et_pb_image src=&#8221;https:\/\/vidaumh.umh.es\/files\/2025\/01\/los-molinos-1.jpg&#8221; title_text=&#8221;los molinos&#8221; align=&#8221;center&#8221; _builder_version=&#8221;4.17.4&#8243; _module_preset=&#8221;default&#8221; global_colors_info=&#8221;{}&#8221;][\/et_pb_image][et_pb_text admin_label=&#8221;T\u00edtulo&#8221; _builder_version=&#8221;4.17.4&#8243; _module_preset=&#8221;default&#8221; header_6_font=&#8221;Open Sans|700|||||||&#8221; header_6_text_color=&#8221;#ADC6D9&#8243; header_6_font_size=&#8221;16px&#8221; header_6_line_height=&#8221;1.5em&#8221; text_orientation=&#8221;center&#8221; custom_margin=&#8221;||0px||false|false&#8221; header_6_font_size_tablet=&#8221;15px&#8221; header_6_font_size_phone=&#8221;14px&#8221; header_6_font_size_last_edited=&#8221;on|desktop&#8221; locked=&#8221;off&#8221; global_colors_info=&#8221;{}&#8221;]<\/p>\n<h6>Observaci\u00f3n Nocturna<\/h6>\n<p>[\/et_pb_text][et_pb_text admin_label=&#8221;Fecha&#8221; _builder_version=&#8221;4.17.4&#8243; _module_preset=&#8221;default&#8221; text_font=&#8221;Open Sans||||||||&#8221; text_text_color=&#8221;#FFFFFF&#8221; text_font_size=&#8221;16px&#8221; text_line_height=&#8221;1.8em&#8221; text_orientation=&#8221;center&#8221; text_font_size_tablet=&#8221;15px&#8221; text_font_size_phone=&#8221;14px&#8221; text_font_size_last_edited=&#8221;on|phone&#8221; header_font_size_tablet=&#8221;55px&#8221; header_font_size_last_edited=&#8221;off|desktop&#8221; locked=&#8221;off&#8221; global_colors_info=&#8221;{}&#8221;]<\/p>\n<p>3 de octubre<\/p>\n<p>[\/et_pb_text][\/et_pb_column][\/et_pb_row][et_pb_row column_structure=&#8221;1_2,1_2&#8243; admin_label=&#8221;1 Actividad&#8221; _builder_version=&#8221;4.17.4&#8243; _module_preset=&#8221;default&#8221; collapsed=&#8221;on&#8221; global_colors_info=&#8221;{}&#8221;][et_pb_column type=&#8221;1_2&#8243; _builder_version=&#8221;4.17.4&#8243; _module_preset=&#8221;default&#8221; global_colors_info=&#8221;{}&#8221;][et_pb_image src=&#8221;https:\/\/vidaumh.umh.es\/files\/2025\/07\/3-barranco-de-la-regidora-escalada.jpg&#8221; title_text=&#8221;3 barranco de la regidora escalada&#8221; align=&#8221;center&#8221; _builder_version=&#8221;4.17.4&#8243; _module_preset=&#8221;default&#8221; global_colors_info=&#8221;{}&#8221;][\/et_pb_image][et_pb_text admin_label=&#8221;T\u00edtulo&#8221; _builder_version=&#8221;4.17.4&#8243; _module_preset=&#8221;default&#8221; header_6_font=&#8221;Open Sans|700|||||||&#8221; header_6_text_color=&#8221;#ADC6D9&#8243; header_6_font_size=&#8221;16px&#8221; header_6_line_height=&#8221;1.5em&#8221; text_orientation=&#8221;center&#8221; custom_margin=&#8221;||0px||false|false&#8221; header_6_font_size_tablet=&#8221;15px&#8221; header_6_font_size_phone=&#8221;14px&#8221; header_6_font_size_last_edited=&#8221;on|desktop&#8221; locked=&#8221;off&#8221; global_colors_info=&#8221;{}&#8221;]<\/p>\n<h6>Barranco de la Regidora<\/h6>\n<p>[\/et_pb_text][et_pb_text admin_label=&#8221;Fecha&#8221; _builder_version=&#8221;4.17.4&#8243; _module_preset=&#8221;default&#8221; text_font=&#8221;Open Sans||||||||&#8221; text_text_color=&#8221;#FFFFFF&#8221; text_font_size=&#8221;16px&#8221; text_line_height=&#8221;1.8em&#8221; text_orientation=&#8221;center&#8221; text_font_size_tablet=&#8221;15px&#8221; text_font_size_phone=&#8221;14px&#8221; text_font_size_last_edited=&#8221;on|phone&#8221; header_font_size_tablet=&#8221;55px&#8221; header_font_size_last_edited=&#8221;off|desktop&#8221; locked=&#8221;off&#8221; global_colors_info=&#8221;{}&#8221;]<\/p>\n<p>25 de octubre<\/p>\n<p>[\/et_pb_text][\/et_pb_column][et_pb_column type=&#8221;1_2&#8243; _builder_version=&#8221;4.17.4&#8243; _module_preset=&#8221;default&#8221; global_colors_info=&#8221;{}&#8221;][et_pb_image src=&#8221;https:\/\/vidaumh.umh.es\/files\/2025\/07\/4-font-del-baladre-escalada.jpg&#8221; title_text=&#8221;4 font del baladre escalada&#8221; align=&#8221;center&#8221; _builder_version=&#8221;4.17.4&#8243; _module_preset=&#8221;default&#8221; global_colors_info=&#8221;{}&#8221;][\/et_pb_image][et_pb_text admin_label=&#8221;T\u00edtulo&#8221; _builder_version=&#8221;4.17.4&#8243; _module_preset=&#8221;default&#8221; header_6_font=&#8221;Open Sans|700|||||||&#8221; header_6_text_color=&#8221;#ADC6D9&#8243; header_6_font_size=&#8221;16px&#8221; header_6_line_height=&#8221;1.5em&#8221; text_orientation=&#8221;center&#8221; custom_margin=&#8221;||0px||false|false&#8221; header_6_font_size_tablet=&#8221;15px&#8221; header_6_font_size_phone=&#8221;14px&#8221; header_6_font_size_last_edited=&#8221;on|desktop&#8221; locked=&#8221;off&#8221; global_colors_info=&#8221;{}&#8221;]<\/p>\n<h6>Senda Ecol\u00f3gica de la Font del Baladre<\/h6>\n<p>[\/et_pb_text][et_pb_text admin_label=&#8221;Fecha&#8221; _builder_version=&#8221;4.17.4&#8243; _module_preset=&#8221;default&#8221; text_font=&#8221;Open Sans||||||||&#8221; text_text_color=&#8221;#FFFFFF&#8221; text_font_size=&#8221;16px&#8221; text_line_height=&#8221;1.8em&#8221; text_orientation=&#8221;center&#8221; text_font_size_tablet=&#8221;15px&#8221; text_font_size_phone=&#8221;14px&#8221; text_font_size_last_edited=&#8221;on|phone&#8221; header_font_size_tablet=&#8221;55px&#8221; header_font_size_last_edited=&#8221;off|desktop&#8221; locked=&#8221;off&#8221; global_colors_info=&#8221;{}&#8221;]<\/p>\n<p>15 de noviembre<\/p>\n<p>[\/et_pb_text][\/et_pb_column][\/et_pb_row][\/et_pb_section][et_pb_section fb_built=&#8221;1&#8243; disabled_on=&#8221;on|on|on&#8221; admin_label=&#8221;Bot\u00f3n m\u00e1s actividades&#8221; _builder_version=&#8221;4.17.4&#8243; _module_preset=&#8221;default&#8221; background_color=&#8221;#323741&#8243; disabled=&#8221;on&#8221; collapsed=&#8221;on&#8221; global_colors_info=&#8221;{}&#8221;][et_pb_row admin_label=&#8221;Bot\u00f3n calendario&#8221; _builder_version=&#8221;4.17.4&#8243; _module_preset=&#8221;default&#8221; collapsed=&#8221;on&#8221; global_colors_info=&#8221;{}&#8221;][et_pb_column type=&#8221;4_4&#8243; _builder_version=&#8221;4.17.4&#8243; _module_preset=&#8221;default&#8221; global_colors_info=&#8221;{}&#8221;][et_pb_button button_url=&#8221;https:\/\/vidaumh.umh.es\/events&#8221; button_text=&#8221;M\u00c1S ACTIVIDADES&#8221; button_alignment=&#8221;center&#8221; button_alignment_last_edited=&#8221;off|desktop&#8221; _builder_version=&#8221;4.17.4&#8243; _module_preset=&#8221;default&#8221; custom_button=&#8221;on&#8221; button_text_size=&#8221;12px&#8221; button_text_color=&#8221;#000000&#8243; button_bg_color=&#8221;#ADC6D9&#8243; button_border_color=&#8221;#ADC6D9&#8243; button_border_radius=&#8221;0px&#8221; button_letter_spacing=&#8221;0.2em&#8221; button_font=&#8221;Poppins|700||on|||||&#8221; custom_padding=&#8221;16px|20px|16px|20px|true|true&#8221; locked=&#8221;off&#8221; global_colors_info=&#8221;{}&#8221;][\/et_pb_button][\/et_pb_column][\/et_pb_row][\/et_pb_section]<\/p>\n","protected":false},"excerpt":{"rendered":"<p>ActividadesLA CALDERA DEL GIGANTE (almorad\u00ed)\u00a1Continuamos nuestras aventuras con una joya geol\u00f3gica! Imagina adentrarte en un paisaje esculpido por el agua durante siglos, donde las rocas forman pozas naturales y formas [&hellip;]<\/p>\n","protected":false},"author":787,"featured_media":0,"parent":0,"menu_order":0,"comment_status":"closed","ping_status":"closed","template":"","meta":{"_et_pb_use_builder":"on","_et_pb_old_content":"","_et_gb_content_width":"","_links_to":"","_links_to_target":""},"_links":{"self":[{"href":"https:\/\/vidaumh.umh.es\/ca\/wp-json\/wp\/v2\/pages\/12322"}],"collection":[{"href":"https:\/\/vidaumh.umh.es\/ca\/wp-json\/wp\/v2\/pages"}],"about":[{"href":"https:\/\/vidaumh.umh.es\/ca\/wp-json\/wp\/v2\/types\/page"}],"author":[{"embeddable":true,"href":"https:\/\/vidaumh.umh.es\/ca\/wp-json\/wp\/v2\/users\/787"}],"replies":[{"embeddable":true,"href":"https:\/\/vidaumh.umh.es\/ca\/wp-json\/wp\/v2\/comments?post=12322"}],"version-history":[{"count":0,"href":"https:\/\/vidaumh.umh.es\/ca\/wp-json\/wp\/v2\/pages\/12322\/revisions"}],"wp:attachment":[{"href":"https:\/\/vidaumh.umh.es\/ca\/wp-json\/wp\/v2\/media?parent=12322"}],"curies":[{"name":"wp","href":"https:\/\/api.w.org\/{rel}","templated":true}]}}