{"id":4366,"date":"2022-10-28T09:11:58","date_gmt":"2022-10-28T07:11:58","guid":{"rendered":"https:\/\/vidaumh.umh.es\/?page_id=4366"},"modified":"2026-04-27T13:42:32","modified_gmt":"2026-04-27T11:42:32","slug":"eureka","status":"publish","type":"page","link":"https:\/\/vidaumh.umh.es\/ca\/eureka\/","title":{"rendered":"<span lang=\"es\">(Espa\u00f1ol) Eureka!<\/span>"},"content":{"rendered":"<p>[et_pb_section fb_built=&#8221;1&#8243; fullwidth=&#8221;on&#8221; _builder_version=&#8221;4.17.4&#8243; vertical_offset_tablet=&#8221;0&#8243; horizontal_offset_tablet=&#8221;0&#8243; box_shadow_horizontal_tablet=&#8221;0px&#8221; box_shadow_vertical_tablet=&#8221;0px&#8221; box_shadow_blur_tablet=&#8221;40px&#8221; box_shadow_spread_tablet=&#8221;0px&#8221; global_colors_info=&#8221;{}&#8221;][et_pb_fullwidth_image src=&#8221;https:\/\/vidaumh.umh.es\/files\/2026\/04\/BANNER-EUREKA-MUSICA-Y-CIENCIA-scaled.jpg&#8221; title_text=&#8221;BANNER-EUREKA-MUSICA-Y-CIENCIA&#8221; _builder_version=&#8221;4.17.4&#8243; vertical_offset_tablet=&#8221;0&#8243; horizontal_offset_tablet=&#8221;0&#8243; custom_padding=&#8221;0px||0px|||&#8221; z_index_tablet=&#8221;0&#8243; box_shadow_horizontal_tablet=&#8221;0px&#8221; box_shadow_vertical_tablet=&#8221;0px&#8221; box_shadow_blur_tablet=&#8221;40px&#8221; box_shadow_spread_tablet=&#8221;0px&#8221; global_colors_info=&#8221;{}&#8221;]<\/p>\n<p>[\/et_pb_fullwidth_image][\/et_pb_section][et_pb_section fb_built=&#8221;1&#8243; disabled_on=&#8221;off|off|off&#8221; admin_label=&#8221;Actividades&#8221; module_id=&#8221;act&#8221; _builder_version=&#8221;4.17.4&#8243; _module_preset=&#8221;default&#8221; locked=&#8221;off&#8221; collapsed=&#8221;off&#8221; global_colors_info=&#8221;{}&#8221;][et_pb_row column_structure=&#8221;1_3,1_3,1_3&#8243; disabled_on=&#8221;off|off|off&#8221; admin_label=&#8221;3 actividades&#8221; _builder_version=&#8221;4.17.4&#8243; _module_preset=&#8221;default&#8221; custom_margin=&#8221;||20px||false|false&#8221; collapsed=&#8221;off&#8221; global_colors_info=&#8221;{}&#8221;][et_pb_column type=&#8221;1_3&#8243; _builder_version=&#8221;4.17.4&#8243; _module_preset=&#8221;default&#8221; background_color=&#8221;#edebec&#8221; custom_padding=&#8221;||20px||false|false&#8221; hover_enabled=&#8221;0&#8243; global_colors_info=&#8221;{}&#8221; sticky_enabled=&#8221;0&#8243;][et_pb_image src=&#8221;https:\/\/vidaumh.umh.es\/files\/2025\/01\/BANNER-EUREKA-BOTICARIA-28-FEBRERO-CAST-1.jpg&#8221; title_text=&#8221;BANNER EUREKA BOTICARIA 28 FEBRERO CAST (1)&#8221; _builder_version=&#8221;4.17.4&#8243; _module_preset=&#8221;default&#8221; global_colors_info=&#8221;{}&#8221;][\/et_pb_image][et_pb_text admin_label=&#8221;T\u00edtulo&#8221; _builder_version=&#8221;4.17.4&#8243; _module_preset=&#8221;default&#8221; header_6_font=&#8221;Poppins|900||on|||||&#8221; header_6_text_align=&#8221;center&#8221; header_6_font_size=&#8221;16px&#8221; header_6_line_height=&#8221;1.5em&#8221; global_colors_info=&#8221;{}&#8221;]<\/p>\n<h6>eureka! m\u00fasica y ciencia con Boticaria Garc\u00eda<\/h6>\n<p>[\/et_pb_text][et_pb_text _builder_version=&#8221;4.17.4&#8243; _module_preset=&#8221;default&#8221; text_font=&#8221;Poppins||||||||&#8221; custom_padding=&#8221;|20px||20px|false|false&#8221; global_colors_info=&#8221;{}&#8221;]<\/p>\n<p style=\"text-align: justify\">\ud83d\udcc5\u200b 28 de febrero de 2025<\/p>\n<p style=\"text-align: justify\">\ud83d\udd5b20:00 &#8211; 22:00 horas<\/p>\n<p style=\"text-align: justify\">\ud83d\udccd Teatro Salesianos Alcoy<\/p>\n<p style=\"text-align: justify\">\ud83d\udcb0 Gratuito<\/p>\n<p style=\"text-align: justify\">[\/et_pb_text][\/et_pb_column][et_pb_column type=&#8221;1_3&#8243; _builder_version=&#8221;4.17.4&#8243; _module_preset=&#8221;default&#8221; background_color=&#8221;#edebec&#8221; custom_padding=&#8221;||20px||false|false&#8221; global_colors_info=&#8221;{}&#8221;][et_pb_image src=&#8221;https:\/\/vidaumh.umh.es\/files\/2025\/03\/eureka-web-vida.jpg&#8221; title_text=&#8221;eureka web vida&#8221; admin_label=&#8221;Imagen&#8221; _builder_version=&#8221;4.17.4&#8243; _module_preset=&#8221;default&#8221; global_colors_info=&#8221;{}&#8221;][\/et_pb_image][et_pb_text admin_label=&#8221;T\u00edtulo&#8221; _builder_version=&#8221;4.17.4&#8243; _module_preset=&#8221;default&#8221; header_6_font=&#8221;Poppins|900||on|||||&#8221; header_6_text_align=&#8221;center&#8221; header_6_font_size=&#8221;16px&#8221; header_6_line_height=&#8221;1.5em&#8221; global_colors_info=&#8221;{}&#8221;]<\/p>\n<h6>eureka! m\u00fasica y ciencia con Quantum Fracture<\/h6>\n<p>[\/et_pb_text][et_pb_text _builder_version=&#8221;4.17.4&#8243; _module_preset=&#8221;default&#8221; text_font=&#8221;Poppins||||||||&#8221; custom_padding=&#8221;|20px||20px|false|false&#8221; global_colors_info=&#8221;{}&#8221;]<\/p>\n<p style=\"text-align: justify\">\ud83d\udcc5\u200b 21 de marzo de 2025<\/p>\n<p style=\"text-align: justify\">\ud83d\udd5b20:00 &#8211; 22:00 horas<\/p>\n<p style=\"text-align: justify\">\ud83d\udccd Teatro Principal de Alicante<\/p>\n<p style=\"text-align: justify\">\ud83d\udcb0 Gratuito<\/p>\n<p style=\"text-align: justify\">[\/et_pb_text][\/et_pb_column][et_pb_column type=&#8221;1_3&#8243; _builder_version=&#8221;4.17.4&#8243; _module_preset=&#8221;default&#8221; background_color=&#8221;#edebec&#8221; custom_padding=&#8221;||20px||false|false&#8221; global_colors_info=&#8221;{}&#8221;][et_pb_image src=&#8221;https:\/\/vidaumh.umh.es\/files\/2025\/09\/ALBA-MORENO-EUREKA-1.jpg&#8221; title_text=&#8221;ALBA MORENO EUREKA&#8221; _builder_version=&#8221;4.17.4&#8243; _module_preset=&#8221;default&#8221; global_colors_info=&#8221;{}&#8221;][\/et_pb_image][et_pb_text admin_label=&#8221;T\u00edtulo&#8221; _builder_version=&#8221;4.17.4&#8243; _module_preset=&#8221;default&#8221; header_6_font=&#8221;Poppins|900||on|||||&#8221; header_6_text_align=&#8221;center&#8221; header_6_font_size=&#8221;16px&#8221; header_6_line_height=&#8221;1.5em&#8221; global_colors_info=&#8221;{}&#8221;]<\/p>\n<h6>eureka! m\u00fasica y ciencia con alba moreno<\/h6>\n<p>[\/et_pb_text][et_pb_text _builder_version=&#8221;4.17.4&#8243; _module_preset=&#8221;default&#8221; text_font=&#8221;Poppins||||||||&#8221; custom_padding=&#8221;|20px||20px|false|false&#8221; global_colors_info=&#8221;{}&#8221;]<\/p>\n<p style=\"text-align: justify\">\ud83d\udcc5\u200b 26 de septiembre de 2025<\/p>\n<p style=\"text-align: justify\">\ud83d\udd5b20:00 &#8211; 22:00 horas<\/p>\n<p style=\"text-align: justify\">\ud83d\udccd Teatro Circo Orihuela<\/p>\n<p style=\"text-align: justify\">\ud83d\udcb0 Gratuito<\/p>\n<p style=\"text-align: justify\">\n<p>[\/et_pb_text][\/et_pb_column][\/et_pb_row][et_pb_row column_structure=&#8221;1_3,1_3,1_3&#8243; _builder_version=&#8221;4.17.4&#8243; _module_preset=&#8221;default&#8221; hover_enabled=&#8221;0&#8243; global_colors_info=&#8221;{}&#8221; sticky_enabled=&#8221;0&#8243;][et_pb_column type=&#8221;1_3&#8243; _builder_version=&#8221;4.17.4&#8243; _module_preset=&#8221;default&#8221; hover_enabled=&#8221;0&#8243; global_colors_info=&#8221;{}&#8221; background_color=&#8221;#edebec&#8221; sticky_enabled=&#8221;0&#8243;][et_pb_image src=&#8221;https:\/\/vidaumh.umh.es\/files\/2024\/09\/EUREKA-MUSICA-Y-CIENCIA-SEPTIEMBRE-2-scaled.jpg&#8221; title_text=&#8221;EUREKA MUSICA Y CIENCIA SEPTIEMBRE (2)&#8221; _builder_version=&#8221;4.17.4&#8243; _module_preset=&#8221;default&#8221; global_colors_info=&#8221;{}&#8221;][\/et_pb_image][et_pb_text admin_label=&#8221;T\u00edtulo&#8221; _builder_version=&#8221;4.17.4&#8243; _module_preset=&#8221;default&#8221; header_6_font=&#8221;Poppins|900||on|||||&#8221; header_6_text_align=&#8221;center&#8221; header_6_font_size=&#8221;16px&#8221; header_6_line_height=&#8221;1.5em&#8221; global_colors_info=&#8221;{}&#8221;]<\/p>\n<h6>eureka! m\u00fasica y ciencia con Marta Hallo<\/h6>\n<p>[\/et_pb_text][et_pb_text _builder_version=&#8221;4.17.4&#8243; _module_preset=&#8221;default&#8221; text_font=&#8221;Poppins||||||||&#8221; custom_padding=&#8221;|20px||20px|false|false&#8221; global_colors_info=&#8221;{}&#8221;]<\/p>\n<p style=\"text-align: justify\">\ud83d\udcc5\u200b 28 de febrero de 2025<\/p>\n<p style=\"text-align: justify\">\ud83d\udd5b21:00 &#8211; 23:00 horas<\/p>\n<p style=\"text-align: justify\">\ud83d\udccd Puntapiedra<\/p>\n<p style=\"text-align: justify\">\ud83d\udcb0 Gratuito<\/p>\n<p style=\"text-align: justify\">\n<p>[\/et_pb_text][\/et_pb_column][et_pb_column type=&#8221;1_3&#8243; _builder_version=&#8221;4.17.4&#8243; _module_preset=&#8221;default&#8221; hover_enabled=&#8221;0&#8243; global_colors_info=&#8221;{}&#8221; background_color=&#8221;#edebec&#8221; sticky_enabled=&#8221;0&#8243;][et_pb_image src=&#8221;https:\/\/vidaumh.umh.es\/files\/2025\/09\/SANTAOLALLA-EUREKA-1.jpg&#8221; title_text=&#8221;SANTAOLALLA EUREKA&#8221; _builder_version=&#8221;4.17.4&#8243; _module_preset=&#8221;default&#8221; global_colors_info=&#8221;{}&#8221;][\/et_pb_image][et_pb_text admin_label=&#8221;T\u00edtulo&#8221; _builder_version=&#8221;4.17.4&#8243; _module_preset=&#8221;default&#8221; header_6_font=&#8221;Poppins|900||on|||||&#8221; header_6_text_align=&#8221;center&#8221; header_6_font_size=&#8221;16px&#8221; header_6_line_height=&#8221;1.5em&#8221; global_colors_info=&#8221;{}&#8221;]<\/p>\n<h6>EUREKA! M\u00daSICA Y CIENCIA CON JAVIER SANTAOLALLA<\/h6>\n<p>[\/et_pb_text][et_pb_text _builder_version=&#8221;4.17.4&#8243; _module_preset=&#8221;default&#8221; text_font=&#8221;Poppins||||||||&#8221; custom_padding=&#8221;|20px||20px|false|false&#8221; global_colors_info=&#8221;{}&#8221;]<\/p>\n<p style=\"text-align: justify\">\ud83d\udcc5\u200b 3 de octubre de 2025<\/p>\n<p style=\"text-align: justify\">\ud83d\udd5b19:30 &#8211; 21:30 horas<\/p>\n<p style=\"text-align: justify\">\ud83d\udccd Teatro Torrevieja<\/p>\n<p style=\"text-align: justify\">\ud83d\udcb0 Gratuito<\/p>\n<p style=\"text-align: justify\">[\/et_pb_text][\/et_pb_column][et_pb_column type=&#8221;1_3&#8243; _builder_version=&#8221;4.17.4&#8243; _module_preset=&#8221;default&#8221; hover_enabled=&#8221;0&#8243; global_colors_info=&#8221;{}&#8221; background_color=&#8221;#edebec&#8221; sticky_enabled=&#8221;0&#8243;][et_pb_image src=&#8221;https:\/\/vidaumh.umh.es\/files\/2025\/09\/QUANTUM-FRACTURE-EUREKA-1.jpg&#8221; title_text=&#8221;QUANTUM FRACTURE EUREKA (1)&#8221; _builder_version=&#8221;4.17.4&#8243; _module_preset=&#8221;default&#8221; global_colors_info=&#8221;{}&#8221;][\/et_pb_image][et_pb_text admin_label=&#8221;T\u00edtulo&#8221; _builder_version=&#8221;4.17.4&#8243; _module_preset=&#8221;default&#8221; header_6_font=&#8221;Poppins|900||on|||||&#8221; header_6_text_align=&#8221;center&#8221; header_6_font_size=&#8221;16px&#8221; header_6_line_height=&#8221;1.5em&#8221; global_colors_info=&#8221;{}&#8221;]<\/p>\n<h6>PAINTBALL [ORIHUELA (DESAMPARADOS)]<\/h6>\n<p>[\/et_pb_text][et_pb_text _builder_version=&#8221;4.17.4&#8243; _module_preset=&#8221;default&#8221; text_font=&#8221;Poppins||||||||&#8221; custom_padding=&#8221;|20px||20px|false|false&#8221; global_colors_info=&#8221;{}&#8221;]<\/p>\n<p style=\"text-align: justify\">\ud83d\udcc5\u200b 24 de octubre de 2025<\/p>\n<p style=\"text-align: justify\">\ud83d\udd5b\u200b 19:30 &#8211; 21:30 horas<\/p>\n<p style=\"text-align: justify\">\ud83d\udccd Castillo Santa B\u00e1rbara<\/p>\n<p style=\"text-align: justify\">\ud83d\udcb0 Gratuito<\/p>\n<p style=\"text-align: justify\">\n<p>[\/et_pb_text][\/et_pb_column][\/et_pb_row][et_pb_row _builder_version=&#8221;4.17.4&#8243; _module_preset=&#8221;default&#8221; global_colors_info=&#8221;{}&#8221;][et_pb_column type=&#8221;4_4&#8243; _builder_version=&#8221;4.17.4&#8243; _module_preset=&#8221;default&#8221; global_colors_info=&#8221;{}&#8221;][et_pb_text _builder_version=&#8221;4.17.4&#8243; _module_preset=&#8221;default&#8221; global_colors_info=&#8221;{}&#8221;]<\/p>\n<h5><span style=\"text-decoration: underline\"><a href=\"https:\/\/dogv.gva.es\/datos\/2025\/07\/04\/pdf\/2025_25342_es.pdf\" target=\"_blank\" rel=\"noopener\">RESOLUCI\u00d3N de 3 de marzo de 2025, por la que se efect\u00faa la convocatoria de subvenciones para actividades no econ\u00f3micas, desarrolladas por entidades del ecosistema de emprendimiento de la Comunitat Valenciana, que fomenten, impulsen y promocionen la cultura emprendedora, para el ejercicio 2025. (abre en una pesta\u00f1a nueva)<\/a><\/span><\/h5>\n<p>[\/et_pb_text][\/et_pb_column][\/et_pb_row][\/et_pb_section][et_pb_section fb_built=&#8221;1&#8243; fullwidth=&#8221;on&#8221; _builder_version=&#8221;4.17.4&#8243; vertical_offset_tablet=&#8221;0&#8243; horizontal_offset_tablet=&#8221;0&#8243; box_shadow_horizontal_tablet=&#8221;0px&#8221; box_shadow_vertical_tablet=&#8221;0px&#8221; box_shadow_blur_tablet=&#8221;40px&#8221; box_shadow_spread_tablet=&#8221;0px&#8221; global_colors_info=&#8221;{}&#8221;][et_pb_fullwidth_image src=&#8221;https:\/\/vidaumh.umh.es\/files\/2022\/10\/BANNER-EUREKA-VIDA.png&#8221; _builder_version=&#8221;4.17.4&#8243; vertical_offset_tablet=&#8221;0&#8243; horizontal_offset_tablet=&#8221;0&#8243; custom_padding=&#8221;0px||0px|||&#8221; z_index_tablet=&#8221;0&#8243; box_shadow_horizontal_tablet=&#8221;0px&#8221; box_shadow_vertical_tablet=&#8221;0px&#8221; box_shadow_blur_tablet=&#8221;40px&#8221; box_shadow_spread_tablet=&#8221;0px&#8221; global_colors_info=&#8221;{}&#8221;]<\/p>\n<p>[\/et_pb_fullwidth_image][\/et_pb_section][et_pb_section fb_built=&#8221;1&#8243; specialty=&#8221;on&#8221; _builder_version=&#8221;4.17.4&#8243; _module_preset=&#8221;default&#8221; global_colors_info=&#8221;{}&#8221;][et_pb_column type=&#8221;1_4&#8243; _builder_version=&#8221;4.16&#8243; custom_padding=&#8221;|||&#8221; global_colors_info=&#8221;{}&#8221; custom_padding__hover=&#8221;|||&#8221;][et_pb_image src=&#8221;https:\/\/vidaumh.umh.es\/files\/2025\/07\/EUREKA-JULIO-scaled.jpg&#8221; title_text=&#8221;EUREKA JULIO&#8221; _builder_version=&#8221;4.17.4&#8243; _module_preset=&#8221;default&#8221; global_colors_info=&#8221;{}&#8221;][\/et_pb_image][\/et_pb_column][et_pb_column type=&#8221;3_4&#8243; specialty_columns=&#8221;3&#8243; _builder_version=&#8221;4.16&#8243; custom_padding=&#8221;|||&#8221; global_colors_info=&#8221;{}&#8221; custom_padding__hover=&#8221;|||&#8221;][et_pb_row_inner _builder_version=&#8221;4.17.4&#8243; _module_preset=&#8221;default&#8221; global_colors_info=&#8221;{}&#8221;][et_pb_column_inner saved_specialty_column_type=&#8221;3_4&#8243; _builder_version=&#8221;4.17.4&#8243; _module_preset=&#8221;default&#8221; global_colors_info=&#8221;{}&#8221;][et_pb_text _builder_version=&#8221;4.17.4&#8243; _module_preset=&#8221;default&#8221; global_colors_info=&#8221;{}&#8221;]<\/p>\n<h2><strong>10 de julio &#8211; J. Mullin&#8217;s Gastro (Torrevieja)<\/strong><\/h2>\n<p>[\/et_pb_text][et_pb_text _builder_version=&#8221;4.17.4&#8243; _module_preset=&#8221;default&#8221; custom_padding=&#8221;||0px|||&#8221; global_colors_info=&#8221;{}&#8221;]<\/p>\n<h4><strong>Aplicaciones de la Inteligencia Artificial Generativa<\/strong><\/h4>\n<p><span style=\"color: #000000\"><b>Juan Aparicio.<\/b> Profesor del departamento de Estad\u00edstica, Matem\u00e1tica e Inform\u00e1tica de la Universidad Miguel Hern\u00e1ndez.<\/span><b><u><\/u><\/b><\/p>\n<p>&nbsp;<\/p>\n<p><span style=\"color: #000000\"><b>Santi Garc\u00eda Cremades &#8211; <\/b>Matem\u00e1tico, profesor UMH y divulgador cient\u00edfico.\u00a0<\/span><\/p>\n<div>\n<div>\n<p>&nbsp;<\/p>\n<\/div>\n<\/div>\n<p>[\/et_pb_text][et_pb_text _builder_version=&#8221;4.17.4&#8243; _module_preset=&#8221;default&#8221; custom_padding=&#8221;||5px|||&#8221; link_option_url=&#8221;https:\/\/www.google.com\/maps\/place\/El+33+Bar+%26+Drinks\/@38.2683065,-0.6977626,17z\/data=!3m1!4b1!4m6!3m5!1s0xd63b7578991d9a9:0xe50c78679dc70a61!8m2!3d38.2683065!4d-0.6977626!16s%2Fg%2F11q3mjy3fr?hl=es&amp;entry=ttu&amp;g_ep=EgoyMDI1MDUxNS4wIKXMDSoASAFQAw%3D%3D&#8221; global_colors_info=&#8221;{}&#8221;]<\/p>\n<p><span style=\"color: #000000\"><strong>Horario:\u00a0<\/strong>21.00h<\/span><\/p>\n<p><span style=\"color: #000000\"><strong>Ubicaci\u00f3n: <a href=\"https:\/\/jmullins.es\/\">J. Mullin&#8217;s Gastro. <\/a><\/strong>c\/ Caballero de Rodas, 211 Torrevieja (Alicante)<\/span><\/p>\n<p>[\/et_pb_text][\/et_pb_column_inner][\/et_pb_row_inner][\/et_pb_column][\/et_pb_section][et_pb_section fb_built=&#8221;1&#8243; specialty=&#8221;on&#8221; _builder_version=&#8221;4.17.4&#8243; _module_preset=&#8221;default&#8221; global_colors_info=&#8221;{}&#8221;][et_pb_column type=&#8221;1_4&#8243; _builder_version=&#8221;4.16&#8243; custom_padding=&#8221;|||&#8221; global_colors_info=&#8221;{}&#8221; custom_padding__hover=&#8221;|||&#8221;][et_pb_image src=&#8221;https:\/\/vidaumh.umh.es\/files\/2025\/05\/EUREKA-MAYO-25-scaled.jpg&#8221; title_text=&#8221;EUREKA MAYO 25&#8243; _builder_version=&#8221;4.17.4&#8243; _module_preset=&#8221;default&#8221; global_colors_info=&#8221;{}&#8221;][\/et_pb_image][\/et_pb_column][et_pb_column type=&#8221;3_4&#8243; specialty_columns=&#8221;3&#8243; _builder_version=&#8221;4.16&#8243; custom_padding=&#8221;|||&#8221; global_colors_info=&#8221;{}&#8221; custom_padding__hover=&#8221;|||&#8221;][et_pb_row_inner _builder_version=&#8221;4.17.4&#8243; _module_preset=&#8221;default&#8221; global_colors_info=&#8221;{}&#8221;][et_pb_column_inner saved_specialty_column_type=&#8221;3_4&#8243; _builder_version=&#8221;4.17.4&#8243; _module_preset=&#8221;default&#8221; global_colors_info=&#8221;{}&#8221;][et_pb_text _builder_version=&#8221;4.17.4&#8243; _module_preset=&#8221;default&#8221; global_colors_info=&#8221;{}&#8221;]<\/p>\n<h2><strong>22 de mayo &#8211; El 33 Bar &amp; Drinks<\/strong><\/h2>\n<p>[\/et_pb_text][et_pb_text _builder_version=&#8221;4.17.4&#8243; _module_preset=&#8221;default&#8221; custom_padding=&#8221;||0px|||&#8221; global_colors_info=&#8221;{}&#8221;]<\/p>\n<h4><b><u>Soy tecn\u00f3loga de alimentos: hago comida con ciencia<\/u><\/b><\/h4>\n<p><span style=\"color: #000000\"><b>Casilda Navarro Rodr\u00edguez de Vera.<\/b> Profesora del \u00e1rea de Tecnolog\u00eda de los Alimentos de la Universidad Miguel Hern\u00e1ndez.<\/span><b><u><\/u><\/b><\/p>\n<p>&nbsp;<\/p>\n<h4><span style=\"color: #000000\"><b><u>Ciencia ciudadana, una herramienta con la que todos ganamos<\/u><\/b><\/span><\/h4>\n<p><span style=\"color: #000000\"><b>Daniel Bruno Collados.<\/b> Investigador del \u00e1rea de Ecolog\u00eda.<\/span><\/p>\n<div>\n<div>\n<p>&nbsp;<\/p>\n<\/div>\n<\/div>\n<p>[\/et_pb_text][et_pb_text _builder_version=&#8221;4.17.4&#8243; _module_preset=&#8221;default&#8221; custom_padding=&#8221;||5px|||&#8221; link_option_url=&#8221;https:\/\/www.google.com\/maps\/place\/El+33+Bar+%26+Drinks\/@38.2683065,-0.6977626,17z\/data=!3m1!4b1!4m6!3m5!1s0xd63b7578991d9a9:0xe50c78679dc70a61!8m2!3d38.2683065!4d-0.6977626!16s%2Fg%2F11q3mjy3fr?hl=es&amp;entry=ttu&amp;g_ep=EgoyMDI1MDUxNS4wIKXMDSoASAFQAw%3D%3D&#8221; global_colors_info=&#8221;{}&#8221;]<\/p>\n<p><span style=\"color: #000000\"><strong>Horario:\u00a0<\/strong>20:00 &#8211; 22:00<\/span><\/p>\n<p><span style=\"color: #000000\"><strong>Ubicaci\u00f3n: <a href=\"https:\/\/www.google.com\/maps\/place\/El+33+Bar+%26+Drinks\/@38.2683065,-0.6977626,17z\/data=!3m1!4b1!4m6!3m5!1s0xd63b7578991d9a9:0xe50c78679dc70a61!8m2!3d38.2683065!4d-0.6977626!16s%2Fg%2F11q3mjy3fr?hl=es&amp;entry=ttu&amp;g_ep=EgoyMDI1MDUxNS4wIKXMDSoASAFQAw%3D%3D\">El 33 Bar &amp; Drinks<\/a><\/strong><\/span><\/p>\n<p>[\/et_pb_text][\/et_pb_column_inner][\/et_pb_row_inner][\/et_pb_column][\/et_pb_section]<\/p>\n","protected":false},"excerpt":{"rendered":"<p>eureka! m\u00fasica y ciencia con Boticaria Garc\u00eda\ud83d\udcc5\u200b 28 de febrero de 2025 \ud83d\udd5b20:00 &#8211; 22:00 horas \ud83d\udccd Teatro Salesianos Alcoy \ud83d\udcb0 Gratuito eureka! m\u00fasica y ciencia con Quantum Fracture\ud83d\udcc5\u200b 21 [&hellip;]<\/p>\n","protected":false},"author":4355,"featured_media":0,"parent":0,"menu_order":0,"comment_status":"closed","ping_status":"closed","template":"","meta":{"_et_pb_use_builder":"on","_et_pb_old_content":"","_et_gb_content_width":"","_links_to":"","_links_to_target":""},"_links":{"self":[{"href":"https:\/\/vidaumh.umh.es\/ca\/wp-json\/wp\/v2\/pages\/4366"}],"collection":[{"href":"https:\/\/vidaumh.umh.es\/ca\/wp-json\/wp\/v2\/pages"}],"about":[{"href":"https:\/\/vidaumh.umh.es\/ca\/wp-json\/wp\/v2\/types\/page"}],"author":[{"embeddable":true,"href":"https:\/\/vidaumh.umh.es\/ca\/wp-json\/wp\/v2\/users\/4355"}],"replies":[{"embeddable":true,"href":"https:\/\/vidaumh.umh.es\/ca\/wp-json\/wp\/v2\/comments?post=4366"}],"version-history":[{"count":0,"href":"https:\/\/vidaumh.umh.es\/ca\/wp-json\/wp\/v2\/pages\/4366\/revisions"}],"wp:attachment":[{"href":"https:\/\/vidaumh.umh.es\/ca\/wp-json\/wp\/v2\/media?parent=4366"}],"curies":[{"name":"wp","href":"https:\/\/api.w.org\/{rel}","templated":true}]}}